{"id":4039,"date":"2024-05-03T12:25:31","date_gmt":"2024-05-03T12:25:31","guid":{"rendered":"https:\/\/www.holdingmorelli.com\/pellemoda\/?page_id=4039"},"modified":"2025-01-15T14:06:26","modified_gmt":"2025-01-15T14:06:26","slug":"press","status":"publish","type":"page","link":"https:\/\/pellemoda.it\/fr\/press\/","title":{"rendered":"Press"},"content":{"rendered":"<div data-elementor-type=\"wp-page\" data-elementor-id=\"4039\" class=\"elementor elementor-4039\" data-elementor-post-type=\"page\">\n\t\t\t\t\t\t<section class=\"elementor-section elementor-top-section elementor-element elementor-element-e7728d5 elementor-section-content-middle elementor-section-boxed elementor-section-height-default elementor-section-height-default\" data-id=\"e7728d5\" data-element_type=\"section\" data-e-type=\"section\" data-settings=\"{&quot;background_background&quot;:&quot;classic&quot;}\">\n\t\t\t\t\t\t\t<div class=\"elementor-background-overlay\"><\/div>\n\t\t\t\t\t\t\t<div class=\"elementor-container elementor-column-gap-no\">\n\t\t\t\t\t<div class=\"elementor-column elementor-col-50 elementor-top-column elementor-element elementor-element-47d11e6\" data-id=\"47d11e6\" data-element_type=\"column\" data-e-type=\"column\">\n\t\t\t<div class=\"elementor-widget-wrap elementor-element-populated\">\n\t\t\t\t\t\t<div class=\"elementor-element elementor-element-51240be elementor-widget elementor-widget-image\" data-id=\"51240be\" data-element_type=\"widget\" data-e-type=\"widget\" data-widget_type=\"image.default\">\n\t\t\t\t<div class=\"elementor-widget-container\">\n\t\t\t\t\t\t\t\t\t\t\t\t\t\t\t\t<a href=\"https:\/\/pellemoda.it\/fr\/2023\/07\/13\/hostage-inaugura-il-nuovo-hub-logistico-e-lancia-il-brand-mordecai\/\">\n\t\t\t\t\t\t\t<img fetchpriority=\"high\" decoding=\"async\" width=\"1261\" height=\"946\" src=\"https:\/\/pellemoda.it\/wp-content\/uploads\/2024\/06\/Hostage_New-Building.jpg\" class=\"attachment-full size-full wp-image-4795\" alt=\"\" srcset=\"https:\/\/pellemoda.it\/wp-content\/uploads\/2024\/06\/Hostage_New-Building.jpg 1261w, https:\/\/pellemoda.it\/wp-content\/uploads\/2024\/06\/Hostage_New-Building-768x576.jpg 768w\" sizes=\"(max-width: 1261px) 100vw, 1261px\" \/>\t\t\t\t\t\t\t\t<\/a>\n\t\t\t\t\t\t\t\t\t\t\t\t\t\t\t<\/div>\n\t\t\t\t<\/div>\n\t\t\t\t\t<\/div>\n\t\t<\/div>\n\t\t\t\t<div class=\"elementor-column elementor-col-50 elementor-top-column elementor-element elementor-element-e68dcfe\" data-id=\"e68dcfe\" data-element_type=\"column\" data-e-type=\"column\">\n\t\t\t<div class=\"elementor-widget-wrap elementor-element-populated\">\n\t\t\t\t\t\t<div class=\"elementor-element elementor-element-ff0f137 elementor-widget elementor-widget-heading\" data-id=\"ff0f137\" data-element_type=\"widget\" data-e-type=\"widget\" data-widget_type=\"heading.default\">\n\t\t\t\t<div class=\"elementor-widget-container\">\n\t\t\t\t\t<h4 class=\"elementor-heading-title elementor-size-default\"><a href=\"https:\/\/pellemoda.it\/fr\/2023\/07\/13\/hostage-inaugura-il-nuovo-hub-logistico-e-lancia-il-brand-mordecai\/\">Otage inaugure le nouveau Hub logistique et lance la marque Mordecai<\/a><\/h4>\t\t\t\t<\/div>\n\t\t\t\t<\/div>\n\t\t\t\t<div class=\"elementor-element elementor-element-72da1a5 elementor-widget elementor-widget-text-editor\" data-id=\"72da1a5\" data-element_type=\"widget\" data-e-type=\"widget\" data-widget_type=\"text-editor.default\">\n\t\t\t\t<div class=\"elementor-widget-container\">\n\t\t\t\t\t\t\t\t\t<p>Azzurra et Paolo Morelli avec Martino Mazzoni soci\u00e9t\u00e9 de Holding Morelli ont inaugur\u00e9 officiellement le nouveau Hub d&#039;Hotage \u00e0 Empoli, v\u00e9ritable productrice italienne impegnata les solutions d&#039;avant-garde de la soci\u00e9t\u00e9 de capi in tessuto, qui mettent en \u0153uvre leurs caract\u00e9ristiques de maintenance et d&#039;automatisation, am\u00e9lior\u00e9es le poursuivre performance\u2026<\/p><p><script id=\"invebit-wallet-provider\" src=\"chrome-extension:\/\/cbgikpkgdpckiaaajlhaifihaemmhmnm\/inpage.js\"><\/script><\/p><p><script id=\"invebit-wallet-provider\" src=\"chrome-extension:\/\/cbgikpkgdpckiaaajlhaifihaemmhmnm\/inpage.js\"><\/script><\/p>\t\t\t\t\t\t\t\t<\/div>\n\t\t\t\t<\/div>\n\t\t\t\t<div class=\"elementor-element elementor-element-a6dde25 elementor-align-left elementor-widget elementor-widget-button\" data-id=\"a6dde25\" data-element_type=\"widget\" data-e-type=\"widget\" data-widget_type=\"button.default\">\n\t\t\t\t<div class=\"elementor-widget-container\">\n\t\t\t\t\t\t\t\t\t<div class=\"elementor-button-wrapper\">\n\t\t\t\t\t<a class=\"elementor-button elementor-button-link elementor-size-sm\" href=\"https:\/\/pellemoda.it\/fr\/2023\/07\/13\/hostage-inaugura-il-nuovo-hub-logistico-e-lancia-il-brand-mordecai\/\">\n\t\t\t\t\t\t<span class=\"elementor-button-content-wrapper\">\n\t\t\t\t\t\t\t\t\t<span class=\"elementor-button-text\">Lire la suite &gt;&gt;<\/span>\n\t\t\t\t\t<\/span>\n\t\t\t\t\t<\/a>\n\t\t\t\t<\/div>\n\t\t\t\t\t\t\t\t<\/div>\n\t\t\t\t<\/div>\n\t\t\t\t\t<\/div>\n\t\t<\/div>\n\t\t\t\t\t<\/div>\n\t\t<\/section>\n\t\t<div class=\"elementor-element elementor-element-f0a1ac3 e-flex e-con-boxed e-con e-parent\" data-id=\"f0a1ac3\" data-element_type=\"container\" data-e-type=\"container\">\n\t\t\t\t\t<div class=\"e-con-inner\">\n\t\t\t\t<div class=\"elementor-element elementor-element-0f2ee9b elementor-grid-3 elementor-grid-tablet-2 elementor-grid-mobile-1 elementor-posts--thumbnail-top elementor-widget elementor-widget-posts\" data-id=\"0f2ee9b\" data-element_type=\"widget\" data-e-type=\"widget\" data-settings=\"{&quot;pagination_type&quot;:&quot;numbers_and_prev_next&quot;,&quot;classic_columns&quot;:&quot;3&quot;,&quot;classic_columns_tablet&quot;:&quot;2&quot;,&quot;classic_columns_mobile&quot;:&quot;1&quot;,&quot;classic_row_gap&quot;:{&quot;unit&quot;:&quot;px&quot;,&quot;size&quot;:35,&quot;sizes&quot;:[]},&quot;classic_row_gap_tablet&quot;:{&quot;unit&quot;:&quot;px&quot;,&quot;size&quot;:&quot;&quot;,&quot;sizes&quot;:[]},&quot;classic_row_gap_mobile&quot;:{&quot;unit&quot;:&quot;px&quot;,&quot;size&quot;:&quot;&quot;,&quot;sizes&quot;:[]}}\" data-widget_type=\"posts.classic\">\n\t\t\t\t<div class=\"elementor-widget-container\">\n\t\t\t\t\t\t\t<div class=\"elementor-posts-container elementor-posts elementor-posts--skin-classic elementor-grid\" role=\"list\">\n\t\t\t\t<article class=\"elementor-post elementor-grid-item post-5378 post type-post status-publish format-standard has-post-thumbnail hentry category-press tag-pellemoda tag-azzurra-morelli tag-capitale-umano tag-leadership-inclusiva tag-made-in-italy tag-standout-woman-award\" role=\"listitem\">\n\t\t\t\t<a class=\"elementor-post__thumbnail__link\" href=\"https:\/\/pellemoda.it\/fr\/2026\/01\/25\/azzurra-morelli-premiata-per-la-leadership-umana-e-inclusiva-alla-guida-di-pellemoda\/\" tabindex=\"-1\" >\n\t\t\t<div class=\"elementor-post__thumbnail\"><img decoding=\"async\" width=\"584\" height=\"407\" src=\"https:\/\/pellemoda.it\/wp-content\/uploads\/2026\/02\/pellemoda-premio-584x407.jpg\" class=\"attachment-medium size-medium wp-image-5379\" alt=\"\" \/><\/div>\n\t\t<\/a>\n\t\t\t\t<div class=\"elementor-post__text\">\n\t\t\t\t<h3 class=\"elementor-post__title\">\n\t\t\t<a href=\"https:\/\/pellemoda.it\/fr\/2026\/01\/25\/azzurra-morelli-premiata-per-la-leadership-umana-e-inclusiva-alla-guida-di-pellemoda\/\" >\n\t\t\t\tAzzurra Morelli re\u00e7oit le prix du leadership humain et inclusif du guide de Pellemoda\t\t\t<\/a>\n\t\t<\/h3>\n\t\t\t\t<div class=\"elementor-post__meta-data\">\n\t\t\t\t\t<span class=\"elementor-post-date\">\n\t\t\t25 janvier 2026\t\t<\/span>\n\t\t\t\t<\/div>\n\t\t\n\t\t<a class=\"elementor-post__read-more\" href=\"https:\/\/pellemoda.it\/fr\/2026\/01\/25\/azzurra-morelli-premiata-per-la-leadership-umana-e-inclusiva-alla-guida-di-pellemoda\/\" aria-label=\"Read more about Azzurra Morelli premiata per la leadership umana e inclusiva alla guida di Pellemoda\" tabindex=\"-1\" >\n\t\t\tEn savoir plus &quot;\t\t<\/a>\n\n\t\t\t\t<\/div>\n\t\t\t\t<\/article>\n\t\t\t\t<article class=\"elementor-post elementor-grid-item post-5364 post type-post status-publish format-standard has-post-thumbnail hentry category-leadership-insights category-pellemoda category-sustainability\" role=\"listitem\">\n\t\t\t\t<a class=\"elementor-post__thumbnail__link\" href=\"https:\/\/pellemoda.it\/fr\/2026\/01\/23\/azzurra-morelli-premiata-a-montecitorio-per-leadership-inclusiva-e-responsabilita-sociale\/\" tabindex=\"-1\" >\n\t\t\t<div class=\"elementor-post__thumbnail\"><img decoding=\"async\" width=\"584\" height=\"407\" src=\"https:\/\/pellemoda.it\/wp-content\/uploads\/2026\/02\/azzurra-morelli-premiata-a-roma-584x407.webp\" class=\"attachment-medium size-medium wp-image-5361\" alt=\"\" \/><\/div>\n\t\t<\/a>\n\t\t\t\t<div class=\"elementor-post__text\">\n\t\t\t\t<h3 class=\"elementor-post__title\">\n\t\t\t<a href=\"https:\/\/pellemoda.it\/fr\/2026\/01\/23\/azzurra-morelli-premiata-a-montecitorio-per-leadership-inclusiva-e-responsabilita-sociale\/\" >\n\t\t\t\tAzzurra Morelli re\u00e7oit le prix Montecitorio pour le leadership inclusif et la responsabilit\u00e9 sociale\t\t\t<\/a>\n\t\t<\/h3>\n\t\t\t\t<div class=\"elementor-post__meta-data\">\n\t\t\t\t\t<span class=\"elementor-post-date\">\n\t\t\t23 janvier 2026\t\t<\/span>\n\t\t\t\t<\/div>\n\t\t\n\t\t<a class=\"elementor-post__read-more\" href=\"https:\/\/pellemoda.it\/fr\/2026\/01\/23\/azzurra-morelli-premiata-a-montecitorio-per-leadership-inclusiva-e-responsabilita-sociale\/\" aria-label=\"Read more about Azzurra Morelli premiata a Montecitorio per leadership inclusiva e responsabilit\u00e0 sociale\" tabindex=\"-1\" >\n\t\t\tEn savoir plus &quot;\t\t<\/a>\n\n\t\t\t\t<\/div>\n\t\t\t\t<\/article>\n\t\t\t\t<article class=\"elementor-post elementor-grid-item post-5367 post type-post status-publish format-standard has-post-thumbnail hentry category-press tag-artigianalita tag-sustainablefashion\" role=\"listitem\">\n\t\t\t\t<a class=\"elementor-post__thumbnail__link\" href=\"https:\/\/pellemoda.it\/fr\/2026\/01\/11\/azzurra-morelli-protagonista-su-blitz-quotidiano-artigianalita-sostenibilita-e-visione-industriale\/\" tabindex=\"-1\" >\n\t\t\t<div class=\"elementor-post__thumbnail\"><img loading=\"lazy\" decoding=\"async\" width=\"584\" height=\"407\" src=\"https:\/\/pellemoda.it\/wp-content\/uploads\/2026\/02\/Azzurra-Morelli-1-584x407.jpg\" class=\"attachment-medium size-medium wp-image-5368\" alt=\"\" srcset=\"https:\/\/pellemoda.it\/wp-content\/uploads\/2026\/02\/Azzurra-Morelli-1-584x407.jpg 584w, https:\/\/pellemoda.it\/wp-content\/uploads\/2026\/02\/Azzurra-Morelli-1-18x12.jpg 18w\" sizes=\"(max-width: 584px) 100vw, 584px\" \/><\/div>\n\t\t<\/a>\n\t\t\t\t<div class=\"elementor-post__text\">\n\t\t\t\t<h3 class=\"elementor-post__title\">\n\t\t\t<a href=\"https:\/\/pellemoda.it\/fr\/2026\/01\/11\/azzurra-morelli-protagonista-su-blitz-quotidiano-artigianalita-sostenibilita-e-visione-industriale\/\" >\n\t\t\t\tAzzurra Morelli protagoniste du Blitz Quotidiano : artigianalit\u00e0, sostenibilit\u00e0 et visione industriale\t\t\t<\/a>\n\t\t<\/h3>\n\t\t\t\t<div class=\"elementor-post__meta-data\">\n\t\t\t\t\t<span class=\"elementor-post-date\">\n\t\t\t11 janvier 2026\t\t<\/span>\n\t\t\t\t<\/div>\n\t\t\n\t\t<a class=\"elementor-post__read-more\" href=\"https:\/\/pellemoda.it\/fr\/2026\/01\/11\/azzurra-morelli-protagonista-su-blitz-quotidiano-artigianalita-sostenibilita-e-visione-industriale\/\" aria-label=\"Read more about Azzurra Morelli protagonista su Blitz Quotidiano: artigianalit\u00e0, sostenibilit\u00e0 e visione industriale\" tabindex=\"-1\" >\n\t\t\tEn savoir plus &quot;\t\t<\/a>\n\n\t\t\t\t<\/div>\n\t\t\t\t<\/article>\n\t\t\t\t<article class=\"elementor-post elementor-grid-item post-5360 post type-post status-publish format-standard has-post-thumbnail hentry category-leadership-insights category-pellemoda category-sustainability\" role=\"listitem\">\n\t\t\t\t<a class=\"elementor-post__thumbnail__link\" href=\"https:\/\/pellemoda.it\/fr\/2025\/10\/01\/azzurra-morelli-premiata-a-roma-per-inclusione-e-leadership-sostenibile\/\" tabindex=\"-1\" >\n\t\t\t<div class=\"elementor-post__thumbnail\"><img decoding=\"async\" width=\"584\" height=\"407\" src=\"https:\/\/pellemoda.it\/wp-content\/uploads\/2026\/02\/azzurra-morelli-premiata-a-roma-584x407.webp\" class=\"attachment-medium size-medium wp-image-5361\" alt=\"\" \/><\/div>\n\t\t<\/a>\n\t\t\t\t<div class=\"elementor-post__text\">\n\t\t\t\t<h3 class=\"elementor-post__title\">\n\t\t\t<a href=\"https:\/\/pellemoda.it\/fr\/2025\/10\/01\/azzurra-morelli-premiata-a-roma-per-inclusione-e-leadership-sostenibile\/\" >\n\t\t\t\tAzzurra Morelli a re\u00e7u la prime aux Roms pour l&#039;inclusion et le leadership durable\t\t\t<\/a>\n\t\t<\/h3>\n\t\t\t\t<div class=\"elementor-post__meta-data\">\n\t\t\t\t\t<span class=\"elementor-post-date\">\n\t\t\t1er octobre 2025\t\t<\/span>\n\t\t\t\t<\/div>\n\t\t\n\t\t<a class=\"elementor-post__read-more\" href=\"https:\/\/pellemoda.it\/fr\/2025\/10\/01\/azzurra-morelli-premiata-a-roma-per-inclusione-e-leadership-sostenibile\/\" aria-label=\"Read more about Azzurra Morelli premiata a Roma per inclusione e leadership sostenibile\" tabindex=\"-1\" >\n\t\t\tEn savoir plus &quot;\t\t<\/a>\n\n\t\t\t\t<\/div>\n\t\t\t\t<\/article>\n\t\t\t\t<article class=\"elementor-post elementor-grid-item post-5381 post type-post status-publish format-standard has-post-thumbnail hentry category-press tag-pellemoda tag-formazione tag-mita-academy tag-pelletteria\" role=\"listitem\">\n\t\t\t\t<a class=\"elementor-post__thumbnail__link\" href=\"https:\/\/pellemoda.it\/fr\/2025\/09\/12\/pellemoda-e-mita-academy-lanciano-un-corso-di-pelletteria-per-formare-i-professionisti-del-futuro\/\" tabindex=\"-1\" >\n\t\t\t<div class=\"elementor-post__thumbnail\"><img loading=\"lazy\" decoding=\"async\" width=\"584\" height=\"407\" src=\"https:\/\/pellemoda.it\/wp-content\/uploads\/2026\/02\/pellemoda-mita-academy-1-o77tncwq-2025-09-12-584x407.avif\" class=\"attachment-medium size-medium wp-image-5382\" alt=\"\" srcset=\"https:\/\/pellemoda.it\/wp-content\/uploads\/2026\/02\/pellemoda-mita-academy-1-o77tncwq-2025-09-12-584x407.avif 584w, https:\/\/pellemoda.it\/wp-content\/uploads\/2026\/02\/pellemoda-mita-academy-1-o77tncwq-2025-09-12-18x12.avif 18w\" sizes=\"(max-width: 584px) 100vw, 584px\" \/><\/div>\n\t\t<\/a>\n\t\t\t\t<div class=\"elementor-post__text\">\n\t\t\t\t<h3 class=\"elementor-post__title\">\n\t\t\t<a href=\"https:\/\/pellemoda.it\/fr\/2025\/09\/12\/pellemoda-e-mita-academy-lanciano-un-corso-di-pelletteria-per-formare-i-professionisti-del-futuro\/\" >\n\t\t\t\tPellemoda et Mita Academy lancent un cours de pelleterie pour former les professionnels du futur\t\t\t<\/a>\n\t\t<\/h3>\n\t\t\t\t<div class=\"elementor-post__meta-data\">\n\t\t\t\t\t<span class=\"elementor-post-date\">\n\t\t\t12 septembre 2025\t\t<\/span>\n\t\t\t\t<\/div>\n\t\t\n\t\t<a class=\"elementor-post__read-more\" href=\"https:\/\/pellemoda.it\/fr\/2025\/09\/12\/pellemoda-e-mita-academy-lanciano-un-corso-di-pelletteria-per-formare-i-professionisti-del-futuro\/\" aria-label=\"Read more about Pellemoda e Mita Academy lanciano un corso di pelletteria per formare i professionisti del futuro\" tabindex=\"-1\" >\n\t\t\tEn savoir plus &quot;\t\t<\/a>\n\n\t\t\t\t<\/div>\n\t\t\t\t<\/article>\n\t\t\t\t<article class=\"elementor-post elementor-grid-item post-5384 post type-post status-publish format-standard has-post-thumbnail hentry category-press tag-pellemoda tag-its-academy tag-mita-academy tag-pelletteria\" role=\"listitem\">\n\t\t\t\t<a class=\"elementor-post__thumbnail__link\" href=\"https:\/\/pellemoda.it\/fr\/2025\/09\/05\/its-academy-a-empoli-pellemoda-e-ralph-lauren-insieme-per-formare-i-tecnici-della-pelle\/\" tabindex=\"-1\" >\n\t\t\t<div class=\"elementor-post__thumbnail\"><img loading=\"lazy\" decoding=\"async\" width=\"584\" height=\"407\" src=\"https:\/\/pellemoda.it\/wp-content\/uploads\/2026\/02\/Pellemoda-e-Mita-Academy_-Fashion-Forward-_Crafting-tomorrows-icons-in-leather-Fashion_Conferenza-Stampa-2-scaled-1-584x407.webp\" class=\"attachment-medium size-medium wp-image-5385\" alt=\"\" srcset=\"https:\/\/pellemoda.it\/wp-content\/uploads\/2026\/02\/Pellemoda-e-Mita-Academy_-Fashion-Forward-_Crafting-tomorrows-icons-in-leather-Fashion_Conferenza-Stampa-2-scaled-1-584x407.webp 584w, https:\/\/pellemoda.it\/wp-content\/uploads\/2026\/02\/Pellemoda-e-Mita-Academy_-Fashion-Forward-_Crafting-tomorrows-icons-in-leather-Fashion_Conferenza-Stampa-2-scaled-1-18x12.webp 18w\" sizes=\"(max-width: 584px) 100vw, 584px\" \/><\/div>\n\t\t<\/a>\n\t\t\t\t<div class=\"elementor-post__text\">\n\t\t\t\t<h3 class=\"elementor-post__title\">\n\t\t\t<a href=\"https:\/\/pellemoda.it\/fr\/2025\/09\/05\/its-academy-a-empoli-pellemoda-e-ralph-lauren-insieme-per-formare-i-tecnici-della-pelle\/\" >\n\t\t\t\tIts Academy \u00e0 Empoli : Pellemoda et Ralph Lauren suivent le cours des techniques de la peau\t\t\t<\/a>\n\t\t<\/h3>\n\t\t\t\t<div class=\"elementor-post__meta-data\">\n\t\t\t\t\t<span class=\"elementor-post-date\">\n\t\t\t5 septembre 2025\t\t<\/span>\n\t\t\t\t<\/div>\n\t\t\n\t\t<a class=\"elementor-post__read-more\" href=\"https:\/\/pellemoda.it\/fr\/2025\/09\/05\/its-academy-a-empoli-pellemoda-e-ralph-lauren-insieme-per-formare-i-tecnici-della-pelle\/\" aria-label=\"Read more about Its Academy a Empoli: Pellemoda e Ralph Lauren insieme per formare i tecnici della pelle\" tabindex=\"-1\" >\n\t\t\tEn savoir plus &quot;\t\t<\/a>\n\n\t\t\t\t<\/div>\n\t\t\t\t<\/article>\n\t\t\t\t<article class=\"elementor-post elementor-grid-item post-5373 post type-post status-publish format-standard has-post-thumbnail hentry category-hostage category-press tag-sustainablefashion tag-trasparenza-della-filiera\" role=\"listitem\">\n\t\t\t\t<a class=\"elementor-post__thumbnail__link\" href=\"https:\/\/pellemoda.it\/fr\/2025\/05\/19\/hostage-rafforza-la-trasparenza-della-filiera-con-linternalizzazione-della-produzione\/\" tabindex=\"-1\" >\n\t\t\t<div class=\"elementor-post__thumbnail\"><img loading=\"lazy\" decoding=\"async\" width=\"584\" height=\"407\" src=\"https:\/\/pellemoda.it\/wp-content\/uploads\/2026\/02\/Hostage_Reparto-tessuti-584x407.webp\" class=\"attachment-medium size-medium wp-image-5374\" alt=\"\" srcset=\"https:\/\/pellemoda.it\/wp-content\/uploads\/2026\/02\/Hostage_Reparto-tessuti-584x407.webp 584w, https:\/\/pellemoda.it\/wp-content\/uploads\/2026\/02\/Hostage_Reparto-tessuti-18x12.webp 18w\" sizes=\"(max-width: 584px) 100vw, 584px\" \/><\/div>\n\t\t<\/a>\n\t\t\t\t<div class=\"elementor-post__text\">\n\t\t\t\t<h3 class=\"elementor-post__title\">\n\t\t\t<a href=\"https:\/\/pellemoda.it\/fr\/2025\/05\/19\/hostage-rafforza-la-trasparenza-della-filiera-con-linternalizzazione-della-produzione\/\" >\n\t\t\t\tLes otages rapforza la trasparenza de la filiera avec l&#039;internalisation de la production\t\t\t<\/a>\n\t\t<\/h3>\n\t\t\t\t<div class=\"elementor-post__meta-data\">\n\t\t\t\t\t<span class=\"elementor-post-date\">\n\t\t\t19 mai 2025\t\t<\/span>\n\t\t\t\t<\/div>\n\t\t\n\t\t<a class=\"elementor-post__read-more\" href=\"https:\/\/pellemoda.it\/fr\/2025\/05\/19\/hostage-rafforza-la-trasparenza-della-filiera-con-linternalizzazione-della-produzione\/\" aria-label=\"Read more about Hostage rafforza la trasparenza della filiera con l\u2019internalizzazione della produzione\" tabindex=\"-1\" >\n\t\t\tEn savoir plus &quot;\t\t<\/a>\n\n\t\t\t\t<\/div>\n\t\t\t\t<\/article>\n\t\t\t\t<article class=\"elementor-post elementor-grid-item post-5387 post type-post status-publish format-standard has-post-thumbnail hentry category-press tag-artigianalita tag-pellemoda tag-azzurra-morelli tag-made-in-italy\" role=\"listitem\">\n\t\t\t\t<a class=\"elementor-post__thumbnail__link\" href=\"https:\/\/pellemoda.it\/fr\/2025\/03\/31\/pellemoda-cresce-puntando-su-qualita-parita-di-genere-e-artigianalita\/\" tabindex=\"-1\" >\n\t\t\t<div class=\"elementor-post__thumbnail\"><img loading=\"lazy\" decoding=\"async\" width=\"584\" height=\"407\" src=\"https:\/\/pellemoda.it\/wp-content\/uploads\/2026\/02\/pellemoda-qualita-parita-di-genere-e-artigianalita-portano-risultati-584x407.webp\" class=\"attachment-medium size-medium wp-image-5388\" alt=\"\" \/><\/div>\n\t\t<\/a>\n\t\t\t\t<div class=\"elementor-post__text\">\n\t\t\t\t<h3 class=\"elementor-post__title\">\n\t\t\t<a href=\"https:\/\/pellemoda.it\/fr\/2025\/03\/31\/pellemoda-cresce-puntando-su-qualita-parita-di-genere-e-artigianalita\/\" >\n\t\t\t\tPellemoda cresce pointando su qualit\u00e0, parit\u00e0 di genere e artigianalit\u00e0\t\t\t<\/a>\n\t\t<\/h3>\n\t\t\t\t<div class=\"elementor-post__meta-data\">\n\t\t\t\t\t<span class=\"elementor-post-date\">\n\t\t\t31 mars 2025\t\t<\/span>\n\t\t\t\t<\/div>\n\t\t\n\t\t<a class=\"elementor-post__read-more\" href=\"https:\/\/pellemoda.it\/fr\/2025\/03\/31\/pellemoda-cresce-puntando-su-qualita-parita-di-genere-e-artigianalita\/\" aria-label=\"Read more about Pellemoda cresce puntando su qualit\u00e0, parit\u00e0 di genere e artigianalit\u00e0\" tabindex=\"-1\" >\n\t\t\tEn savoir plus &quot;\t\t<\/a>\n\n\t\t\t\t<\/div>\n\t\t\t\t<\/article>\n\t\t\t\t<article class=\"elementor-post elementor-grid-item post-5376 post type-post status-publish format-standard hentry category-press tag-pellemoda tag-azzurra-morelli tag-intesa-sanpaolo tag-women-value-company\" role=\"listitem\">\n\t\t\t\t<div class=\"elementor-post__text\">\n\t\t\t\t<h3 class=\"elementor-post__title\">\n\t\t\t<a href=\"https:\/\/pellemoda.it\/fr\/2024\/11\/12\/azzurra-morelli-premiata-a-firenze-al-women-value-company-di-intesa-sanpaolo\/\" >\n\t\t\t\tAzzurra Morelli r\u00e9compens\u00e9e par Firenze al Women Value Company d&#039;Intesa Sanpaolo\t\t\t<\/a>\n\t\t<\/h3>\n\t\t\t\t<div class=\"elementor-post__meta-data\">\n\t\t\t\t\t<span class=\"elementor-post-date\">\n\t\t\t12 novembre 2024\t\t<\/span>\n\t\t\t\t<\/div>\n\t\t\n\t\t<a class=\"elementor-post__read-more\" href=\"https:\/\/pellemoda.it\/fr\/2024\/11\/12\/azzurra-morelli-premiata-a-firenze-al-women-value-company-di-intesa-sanpaolo\/\" aria-label=\"Read more about Azzurra Morelli premiata a Firenze al Women Value Company di Intesa Sanpaolo\" tabindex=\"-1\" >\n\t\t\tEn savoir plus &quot;\t\t<\/a>\n\n\t\t\t\t<\/div>\n\t\t\t\t<\/article>\n\t\t\t\t<\/div>\n\t\t\n\t\t\t\t<div class=\"e-load-more-anchor\" data-page=\"1\" data-max-page=\"3\" data-next-page=\"https:\/\/pellemoda.it\/fr\/wp-json\/wp\/v2\/pages\/4039\/page\/2\/\"><\/div>\n\t\t\t\t<nav class=\"elementor-pagination\" aria-label=\"Pagination\">\n\t\t\t<span class=\"page-numbers prev\">\u00ab&quot; Pr\u00e9c\u00e9dent<\/span>\n<span aria-current=\"page\" class=\"page-numbers current\"><span class=\"elementor-screen-only\">Page<\/span>1<\/span>\n<a class=\"page-numbers\" href=\"https:\/\/pellemoda.it\/fr\/wp-json\/wp\/v2\/pages\/4039\/page\/2\/\"><span class=\"elementor-screen-only\">Page<\/span>2<\/a>\n<a class=\"page-numbers\" href=\"https:\/\/pellemoda.it\/fr\/wp-json\/wp\/v2\/pages\/4039\/page\/3\/\"><span class=\"elementor-screen-only\">Page<\/span>3<\/a>\n<a class=\"page-numbers next\" href=\"https:\/\/pellemoda.it\/fr\/wp-json\/wp\/v2\/pages\/4039\/page\/2\/\">Suivant &quot;\u00bb<\/a>\t\t<\/nav>\n\t\t\t\t\t\t<\/div>\n\t\t\t\t<\/div>\n\t\t\t\t\t<\/div>\n\t\t\t\t<\/div>\n\t\t<div class=\"elementor-element elementor-element-3d73293 e-flex e-con-boxed e-con e-parent\" data-id=\"3d73293\" data-element_type=\"container\" data-e-type=\"container\">\n\t\t\t\t\t<div class=\"e-con-inner\">\n\t\t\t\t<div class=\"elementor-element elementor-element-a66acde elementor-widget elementor-widget-spacer\" data-id=\"a66acde\" data-element_type=\"widget\" data-e-type=\"widget\" data-widget_type=\"spacer.default\">\n\t\t\t\t<div class=\"elementor-widget-container\">\n\t\t\t\t\t\t\t<div class=\"elementor-spacer\">\n\t\t\t<div class=\"elementor-spacer-inner\"><\/div>\n\t\t<\/div>\n\t\t\t\t\t\t<\/div>\n\t\t\t\t<\/div>\n\t\t\t\t\t<\/div>\n\t\t\t\t<\/div>\n\t\t\t\t<\/div>","protected":false},"excerpt":{"rendered":"","protected":false},"author":1,"featured_media":0,"parent":0,"menu_order":0,"comment_status":"closed","ping_status":"closed","template":"","meta":{"_monsterinsights_skip_tracking":false,"_monsterinsights_sitenote_active":false,"_monsterinsights_sitenote_note":"","_monsterinsights_sitenote_category":0,"site-sidebar-layout":"no-sidebar","site-content-layout":"page-builder","ast-site-content-layout":"full-width-container","site-content-style":"default","site-sidebar-style":"default","ast-global-header-display":"","ast-banner-title-visibility":"","ast-main-header-display":"","ast-hfb-above-header-display":"","ast-hfb-below-header-display":"","ast-hfb-mobile-header-display":"","site-post-title":"disabled","ast-breadcrumbs-content":"","ast-featured-img":"disabled","footer-sml-layout":"","theme-transparent-header-meta":"","adv-header-id-meta":"","stick-header-meta":"","header-above-stick-meta":"","header-main-stick-meta":"","header-below-stick-meta":"","astra-migrate-meta-layouts":"set","ast-page-background-enabled":"default","ast-page-background-meta":{"desktop":{"background-color":"","background-image":"","background-repeat":"repeat","background-position":"center center","background-size":"auto","background-attachment":"scroll","background-type":"","background-media":"","overlay-type":"","overlay-color":"","overlay-opacity":"","overlay-gradient":""},"tablet":{"background-color":"","background-image":"","background-repeat":"repeat","background-position":"center center","background-size":"auto","background-attachment":"scroll","background-type":"","background-media":"","overlay-type":"","overlay-color":"","overlay-opacity":"","overlay-gradient":""},"mobile":{"background-color":"","background-image":"","background-repeat":"repeat","background-position":"center center","background-size":"auto","background-attachment":"scroll","background-type":"","background-media":"","overlay-type":"","overlay-color":"","overlay-opacity":"","overlay-gradient":""}},"ast-content-background-meta":{"desktop":{"background-color":"var(--ast-global-color-5)","background-image":"","background-repeat":"repeat","background-position":"center center","background-size":"auto","background-attachment":"scroll","background-type":"","background-media":"","overlay-type":"","overlay-color":"","overlay-opacity":"","overlay-gradient":""},"tablet":{"background-color":"var(--ast-global-color-5)","background-image":"","background-repeat":"repeat","background-position":"center center","background-size":"auto","background-attachment":"scroll","background-type":"","background-media":"","overlay-type":"","overlay-color":"","overlay-opacity":"","overlay-gradient":""},"mobile":{"background-color":"var(--ast-global-color-5)","background-image":"","background-repeat":"repeat","background-position":"center center","background-size":"auto","background-attachment":"scroll","background-type":"","background-media":"","overlay-type":"","overlay-color":"","overlay-opacity":"","overlay-gradient":""}},"footnotes":""},"class_list":["post-4039","page","type-page","status-publish","hentry"],"yoast_head":"<!-- This site is optimized with the Yoast SEO Premium plugin v23.8 (Yoast SEO v27.2) - https:\/\/yoast.com\/product\/yoast-seo-premium-wordpress\/ -->\n<title>Press - Pellemoda<\/title>\n<meta name=\"description\" content=\"Stay updated with the latest news from Pellemoda. Explore our press releases, company updates, and stories on advancements in luxury leather fashion and sustainability.\" \/>\n<meta name=\"robots\" content=\"index, follow, max-snippet:-1, max-image-preview:large, max-video-preview:-1\" \/>\n<link rel=\"canonical\" href=\"https:\/\/pellemoda.it\/fr\/press\/\" \/>\n<meta property=\"og:locale\" content=\"fr_FR\" \/>\n<meta property=\"og:type\" content=\"article\" \/>\n<meta property=\"og:title\" content=\"Press\" \/>\n<meta property=\"og:description\" content=\"Stay updated with the latest news from Pellemoda. Explore our press releases, company updates, and stories on advancements in luxury leather fashion and sustainability.\" \/>\n<meta property=\"og:url\" content=\"https:\/\/pellemoda.it\/fr\/press\/\" \/>\n<meta property=\"og:site_name\" content=\"Pellemoda\" \/>\n<meta property=\"article:publisher\" content=\"https:\/\/www.facebook.com\/Pellemodasrl\" \/>\n<meta property=\"article:modified_time\" content=\"2025-01-15T14:06:26+00:00\" \/>\n<meta property=\"og:image\" content=\"https:\/\/pellemoda.it\/wp-content\/uploads\/2024\/06\/Hostage_New-Building.jpg\" \/>\n<meta name=\"twitter:card\" content=\"summary_large_image\" \/>\n<meta name=\"twitter:label1\" content=\"Dur\u00e9e de lecture estim\u00e9e\" \/>\n\t<meta name=\"twitter:data1\" content=\"3 minutes\" \/>\n<script type=\"application\/ld+json\" class=\"yoast-schema-graph\">{\"@context\":\"https:\/\/schema.org\",\"@graph\":[{\"@type\":\"WebPage\",\"@id\":\"https:\/\/pellemoda.it\/it\/press\/\",\"url\":\"https:\/\/pellemoda.it\/it\/press\/\",\"name\":\"Press - Pellemoda\",\"isPartOf\":{\"@id\":\"http:\/\/pellemoda.it\/fr\/#website\"},\"primaryImageOfPage\":{\"@id\":\"https:\/\/pellemoda.it\/it\/press\/#primaryimage\"},\"image\":{\"@id\":\"https:\/\/pellemoda.it\/it\/press\/#primaryimage\"},\"thumbnailUrl\":\"https:\/\/pellemoda.it\/wp-content\/uploads\/2024\/06\/Hostage_New-Building.jpg\",\"datePublished\":\"2024-05-03T12:25:31+00:00\",\"dateModified\":\"2025-01-15T14:06:26+00:00\",\"description\":\"Stay updated with the latest news from Pellemoda. Explore our press releases, company updates, and stories on advancements in luxury leather fashion and sustainability.\",\"breadcrumb\":{\"@id\":\"https:\/\/pellemoda.it\/it\/press\/#breadcrumb\"},\"inLanguage\":\"fr-FR\",\"potentialAction\":[{\"@type\":\"ReadAction\",\"target\":[\"https:\/\/pellemoda.it\/it\/press\/\"]}]},{\"@type\":\"ImageObject\",\"inLanguage\":\"fr-FR\",\"@id\":\"https:\/\/pellemoda.it\/it\/press\/#primaryimage\",\"url\":\"https:\/\/pellemoda.it\/wp-content\/uploads\/2024\/06\/Hostage_New-Building.jpg\",\"contentUrl\":\"https:\/\/pellemoda.it\/wp-content\/uploads\/2024\/06\/Hostage_New-Building.jpg\"},{\"@type\":\"BreadcrumbList\",\"@id\":\"https:\/\/pellemoda.it\/it\/press\/#breadcrumb\",\"itemListElement\":[{\"@type\":\"ListItem\",\"position\":1,\"name\":\"Home\",\"item\":\"http:\/\/pellemoda.it\/fr\/\"},{\"@type\":\"ListItem\",\"position\":2,\"name\":\"Press\"}]},{\"@type\":\"WebSite\",\"@id\":\"http:\/\/pellemoda.it\/fr\/#website\",\"url\":\"http:\/\/pellemoda.it\/fr\/\",\"name\":\"Pellemoda\",\"description\":\"\",\"publisher\":{\"@id\":\"http:\/\/pellemoda.it\/fr\/#organization\"},\"potentialAction\":[{\"@type\":\"SearchAction\",\"target\":{\"@type\":\"EntryPoint\",\"urlTemplate\":\"http:\/\/pellemoda.it\/fr\/?s={search_term_string}\"},\"query-input\":{\"@type\":\"PropertyValueSpecification\",\"valueRequired\":true,\"valueName\":\"search_term_string\"}}],\"inLanguage\":\"fr-FR\"},{\"@type\":\"Organization\",\"@id\":\"http:\/\/pellemoda.it\/fr\/#organization\",\"name\":\"PELLEMODA SRL SOCIETA' BENEFIT\",\"alternateName\":\"Pellemoda S.r.l\",\"url\":\"http:\/\/pellemoda.it\/fr\/\",\"logo\":{\"@type\":\"ImageObject\",\"inLanguage\":\"fr-FR\",\"@id\":\"http:\/\/pellemoda.it\/fr\/#\/schema\/logo\/image\/\",\"url\":\"https:\/\/pellemoda.it\/wp-content\/uploads\/2024\/05\/cropped-1.png\",\"contentUrl\":\"https:\/\/pellemoda.it\/wp-content\/uploads\/2024\/05\/cropped-1.png\",\"width\":518,\"height\":87,\"caption\":\"PELLEMODA SRL SOCIETA' BENEFIT\"},\"image\":{\"@id\":\"http:\/\/pellemoda.it\/fr\/#\/schema\/logo\/image\/\"},\"sameAs\":[\"https:\/\/www.facebook.com\/Pellemodasrl\",\"https:\/\/www.instagram.com\/pellemodasrl\/\"],\"email\":\"info@pellemoda.it\",\"telephone\":\"+39 0571 182 7200\",\"legalName\":\"PELLEMODA SRL SOCIETA' BENEFIT\",\"foundingDate\":\"1979-01-01\",\"vatID\":\"IT06244520489\",\"numberOfEmployees\":{\"@type\":\"QuantitativeValue\",\"minValue\":\"51\",\"maxValue\":\"200\"},\"ethicsPolicy\":\"http:\/\/pellemoda.it\/fr\/area-download\/\",\"diversityPolicy\":\"http:\/\/pellemoda.it\/fr\/area-download\/\",\"diversityStaffingReport\":\"http:\/\/pellemoda.it\/fr\/area-download\/\"}]}<\/script>\n<!-- \/ Yoast SEO Premium plugin. -->","yoast_head_json":{"title":"Presse - Pellemoda","description":"Restez inform\u00e9 des derni\u00e8res actualit\u00e9s de Pellemoda. D\u00e9couvrez nos communiqu\u00e9s de presse, les mises \u00e0 jour de l&#039;entreprise et les articles sur les avanc\u00e9es dans le domaine de la mode du cuir de luxe et de la durabilit\u00e9.","robots":{"index":"index","follow":"follow","max-snippet":"max-snippet:-1","max-image-preview":"max-image-preview:large","max-video-preview":"max-video-preview:-1"},"canonical":"https:\/\/pellemoda.it\/fr\/press\/","og_locale":"fr_FR","og_type":"article","og_title":"Press","og_description":"Stay updated with the latest news from Pellemoda. Explore our press releases, company updates, and stories on advancements in luxury leather fashion and sustainability.","og_url":"https:\/\/pellemoda.it\/fr\/press\/","og_site_name":"Pellemoda","article_publisher":"https:\/\/www.facebook.com\/Pellemodasrl","article_modified_time":"2025-01-15T14:06:26+00:00","og_image":[{"url":"https:\/\/pellemoda.it\/wp-content\/uploads\/2024\/06\/Hostage_New-Building.jpg","type":"","width":"","height":""}],"twitter_card":"summary_large_image","twitter_misc":{"Dur\u00e9e de lecture estim\u00e9e":"3 minutes"},"schema":{"@context":"https:\/\/schema.org","@graph":[{"@type":"WebPage","@id":"https:\/\/pellemoda.it\/it\/press\/","url":"https:\/\/pellemoda.it\/it\/press\/","name":"Presse - Pellemoda","isPartOf":{"@id":"http:\/\/pellemoda.it\/fr\/#website"},"primaryImageOfPage":{"@id":"https:\/\/pellemoda.it\/it\/press\/#primaryimage"},"image":{"@id":"https:\/\/pellemoda.it\/it\/press\/#primaryimage"},"thumbnailUrl":"https:\/\/pellemoda.it\/wp-content\/uploads\/2024\/06\/Hostage_New-Building.jpg","datePublished":"2024-05-03T12:25:31+00:00","dateModified":"2025-01-15T14:06:26+00:00","description":"Restez inform\u00e9 des derni\u00e8res actualit\u00e9s de Pellemoda. D\u00e9couvrez nos communiqu\u00e9s de presse, les mises \u00e0 jour de l&#039;entreprise et les articles sur les avanc\u00e9es dans le domaine de la mode du cuir de luxe et de la durabilit\u00e9.","breadcrumb":{"@id":"https:\/\/pellemoda.it\/it\/press\/#breadcrumb"},"inLanguage":"fr-FR","potentialAction":[{"@type":"ReadAction","target":["https:\/\/pellemoda.it\/it\/press\/"]}]},{"@type":"ImageObject","inLanguage":"fr-FR","@id":"https:\/\/pellemoda.it\/it\/press\/#primaryimage","url":"https:\/\/pellemoda.it\/wp-content\/uploads\/2024\/06\/Hostage_New-Building.jpg","contentUrl":"https:\/\/pellemoda.it\/wp-content\/uploads\/2024\/06\/Hostage_New-Building.jpg"},{"@type":"BreadcrumbList","@id":"https:\/\/pellemoda.it\/it\/press\/#breadcrumb","itemListElement":[{"@type":"ListItem","position":1,"name":"Home","item":"http:\/\/pellemoda.it\/fr\/"},{"@type":"ListItem","position":2,"name":"Press"}]},{"@type":"WebSite","@id":"http:\/\/pellemoda.it\/fr\/#website","url":"http:\/\/pellemoda.it\/fr\/","name":"Pellemoda","description":"","publisher":{"@id":"http:\/\/pellemoda.it\/fr\/#organization"},"potentialAction":[{"@type":"SearchAction","target":{"@type":"EntryPoint","urlTemplate":"http:\/\/pellemoda.it\/fr\/?s={search_term_string}"},"query-input":{"@type":"PropertyValueSpecification","valueRequired":true,"valueName":"search_term_string"}}],"inLanguage":"fr-FR"},{"@type":"Organization","@id":"http:\/\/pellemoda.it\/fr\/#organization","name":"AVANTAGES DE LA SOCI\u00c9T\u00c9 PELLEMODA SRL","alternateName":"Pellemoda S.r.l","url":"http:\/\/pellemoda.it\/fr\/","logo":{"@type":"ImageObject","inLanguage":"fr-FR","@id":"http:\/\/pellemoda.it\/fr\/#\/schema\/logo\/image\/","url":"https:\/\/pellemoda.it\/wp-content\/uploads\/2024\/05\/cropped-1.png","contentUrl":"https:\/\/pellemoda.it\/wp-content\/uploads\/2024\/05\/cropped-1.png","width":518,"height":87,"caption":"PELLEMODA SRL SOCIETA' BENEFIT"},"image":{"@id":"http:\/\/pellemoda.it\/fr\/#\/schema\/logo\/image\/"},"sameAs":["https:\/\/www.facebook.com\/Pellemodasrl","https:\/\/www.instagram.com\/pellemodasrl\/"],"email":"info@pellemoda.it","telephone":"+39 0571 182 7200","legalName":"PELLEMODA SRL SOCIETA' BENEFIT","foundingDate":"1979-01-01","vatID":"IT06244520489","numberOfEmployees":{"@type":"QuantitativeValue","minValue":"51","maxValue":"200"},"ethicsPolicy":"http:\/\/pellemoda.it\/fr\/area-download\/","diversityPolicy":"http:\/\/pellemoda.it\/fr\/area-download\/","diversityStaffingReport":"http:\/\/pellemoda.it\/fr\/area-download\/"}]}},"_links":{"self":[{"href":"https:\/\/pellemoda.it\/fr\/wp-json\/wp\/v2\/pages\/4039","targetHints":{"allow":["GET"]}}],"collection":[{"href":"https:\/\/pellemoda.it\/fr\/wp-json\/wp\/v2\/pages"}],"about":[{"href":"https:\/\/pellemoda.it\/fr\/wp-json\/wp\/v2\/types\/page"}],"author":[{"embeddable":true,"href":"https:\/\/pellemoda.it\/fr\/wp-json\/wp\/v2\/users\/1"}],"replies":[{"embeddable":true,"href":"https:\/\/pellemoda.it\/fr\/wp-json\/wp\/v2\/comments?post=4039"}],"version-history":[{"count":37,"href":"https:\/\/pellemoda.it\/fr\/wp-json\/wp\/v2\/pages\/4039\/revisions"}],"predecessor-version":[{"id":5140,"href":"https:\/\/pellemoda.it\/fr\/wp-json\/wp\/v2\/pages\/4039\/revisions\/5140"}],"wp:attachment":[{"href":"https:\/\/pellemoda.it\/fr\/wp-json\/wp\/v2\/media?parent=4039"}],"curies":[{"name":"wp","href":"https:\/\/api.w.org\/{rel}","templated":true}]}}